

{"id":139,"date":"2018-02-02T15:57:10","date_gmt":"2018-02-02T14:57:10","guid":{"rendered":"https:\/\/project.inria.fr\/apvp2018\/?page_id=139"},"modified":"2018-04-27T14:31:08","modified_gmt":"2018-04-27T12:31:08","slug":"appel-a-contributions","status":"publish","type":"page","link":"https:\/\/project.inria.fr\/apvp2018\/appel-a-contributions\/","title":{"rendered":"Appel \u00e0 Contributions"},"content":{"rendered":"<p>&nbsp;<\/p>\n<h3>Contexte<\/h3>\n<p style=\"text-align: justify;\"><span style=\"font-size: 12pt; font-family: helvetica, arial, sans-serif;\">Le but principal de l\u2019atelier est de rassembler les chercheurs de la communaut\u00e9 francophone dont les travaux portent sur la protection de la vie priv\u00e9e et des donn\u00e9es personnelles, et de leur offrir un forum privil\u00e9gi\u00e9 pour pouvoir pr\u00e9senter et \u00e9changer leurs id\u00e9es sur cette th\u00e9matique. L\u2019atelier est pluri-disciplinaire, et a vocation \u00e0 rassembler notamment des chercheurs en informatique, droit, \u00e9conomie, sociologie et statistiques. <\/span><\/p>\n<p style=\"text-align: justify;\"><span style=\"font-size: 12pt; font-family: helvetica, arial, sans-serif;\">APVP n&rsquo;\u00e9tant pas une conf\u00e9rence au sens traditionnel du terme, <strong><span style=\"color: #993300;\">la participation \u00e0 l&rsquo;atelier est conditionn\u00e9e \u00e0 la soumission d\u2019une contribution<\/span>. <\/strong>Toutes les auteurs des articles accept\u00e9s peuvent participer \u00e0 l&rsquo;atelier.<br \/>\n<\/span><\/p>\n<p><span style=\"font-size: 12pt; font-family: helvetica, arial, sans-serif;\">Les th\u00e9matiques concern\u00e9es incluent (sans s&rsquo;y limiter) :<\/span><\/p>\n<ul>\n<li><span style=\"font-size: 12pt; font-family: helvetica, arial, sans-serif;\">Anonymisation et assainissement de donn\u00e9es<\/span><\/li>\n<li><span style=\"font-size: 12pt; font-family: helvetica, arial, sans-serif;\">Analyse de donn\u00e9es, \u00ab\u00a0Big Data\u00a0\u00bb<\/span><\/li>\n<li><span style=\"font-size: 12pt; font-family: helvetica, arial, sans-serif;\">Internet des objets, syst\u00e8mes ubiquitaires respectueux de la vie priv\u00e9e<\/span><\/li>\n<li><span style=\"font-size: 12pt; font-family: helvetica, arial, sans-serif;\">Consentement et contr\u00f4le sur les donn\u00e9es personnelles<\/span><\/li>\n<li><span style=\"font-size: 12pt; font-family: helvetica, arial, sans-serif;\">Responsabilit\u00e9 (accountability)<\/span><\/li>\n<li><span style=\"font-size: 12pt; font-family: helvetica, arial, sans-serif;\">Transparence (collecte, traitements, algorithmes,etc.)<\/span><\/li>\n<li><span style=\"font-size: 12pt; font-family: helvetica, arial, sans-serif;\">Cryptographie pour la protection de la vie priv\u00e9e<\/span><\/li>\n<li><span style=\"font-size: 12pt; font-family: helvetica, arial, sans-serif;\">D\u00e9finition et formalisation des notions d&rsquo;anonymat et de respect de la vie priv\u00e9e<\/span><\/li>\n<li><span style=\"font-size: 12pt; font-family: helvetica, arial, sans-serif;\">Droit \u00e0 l&rsquo;oubli<\/span><\/li>\n<li><span style=\"font-size: 12pt; font-family: helvetica, arial, sans-serif;\">Economie et sociologie de la protection de la vie priv\u00e9e<\/span><\/li>\n<li><span style=\"font-size: 12pt; font-family: helvetica, arial, sans-serif;\">Geo-privacy<\/span><\/li>\n<li><span style=\"font-size: 12pt; font-family: helvetica, arial, sans-serif;\">Gestion d&rsquo;identit\u00e9s<\/span><\/li>\n<li><span style=\"font-size: 12pt; font-family: helvetica, arial, sans-serif;\">Inf\u00e9rence de donn\u00e9es, fouille, recoupement, profilage<\/span><\/li>\n<li><span style=\"font-size: 12pt; font-family: helvetica, arial, sans-serif;\">\u00ab\u00a0PETs\u00a0\u00bb (Privacy Enhancing Technologies)<\/span><\/li>\n<li><span style=\"font-size: 12pt; font-family: helvetica, arial, sans-serif;\">\u00ab\u00a0Privacy by design\u00a0\u00bb<\/span><\/li>\n<li><span style=\"font-size: 12pt; font-family: helvetica, arial, sans-serif;\">Protections juridiques : loi \u00ab\u00a0informatique et libert\u00e9s\u00a0\u00bb, effectivit\u00e9, \u00e9volutions, nouveau r\u00e8glement europ\u00e9en, etc.<\/span><\/li>\n<li><span style=\"font-size: 12pt; font-family: helvetica, arial, sans-serif;\">Politiques de privacy, mod\u00e9lisation<\/span><\/li>\n<li><span style=\"font-size: 12pt; font-family: helvetica, arial, sans-serif;\">R\u00e9seaux sociaux et respect de la vie priv\u00e9e<\/span><\/li>\n<\/ul>\n<p><span style=\"font-family: helvetica, arial, sans-serif;\">Cette ann\u00e9e, <strong><span style=\"color: #993300;\">le comit\u00e9 d&rsquo;organisation encourage tout particuli\u00e8rement la soumission d&rsquo;articles d\u00e9j\u00e0 publi\u00e9s dans des revues ou des conf\u00e9rences internationales r\u00e9put\u00e9es<\/span>.<\/strong> Dans ce cas, il suffit de soumettre l\u2019article tel quel en mentionnant la conf\u00e9rence\/revue o\u00f9 il a \u00e9t\u00e9 publi\u00e9 et la s\u00e9lection se fera principalement sur sa pertinence th\u00e9matique pour APVP. Pour les autres soumissions, la s\u00e9lection se fera sur un document de travail de 10 pages maximum. Les contributions s\u00e9lectionn\u00e9es donneront lieu \u00e0 des pr\u00e9sentations de 20 minutes, suivies d\u2019un temps pour la discussion, ou bien \u00e0 une d\u00e9monstration. Les r\u00e9sum\u00e9s des contributions s\u00e9lectionn\u00e9es seront regroup\u00e9s dans un document qui ne sera pas une publication \u201cofficielle\u201d de fa\u00e7on \u00e0 ne pas faire obstacle \u00e0 une re-soumission dans un autre cadre. En effet, l\u2019objectif principal de l\u2019atelier est surtout de favoriser les \u00e9changes, d\u2019encourager les collaborations et de contribuer \u00e0 l\u2019animation de la communaut\u00e9 francophone dans ce domaine.<\/span><\/p>\n<p>Il est pr\u00e9vu de proposer un <strong>num\u00e9ro sp\u00e9cial dans la revue <a href=\"https:\/\/tsi.revuesonline.com\/accueil.jsp\">TSI<\/a><\/strong> compos\u00e9 des meilleurs articles pr\u00e9sent\u00e9s au workshop.<\/p>\n<p>APVP organisera \u00e9galement cette ann\u00e9e:<\/p>\n<ul>\n<li>une session \u201cdoctorants\u201d pendant laquelle les \u00e9tudiants pourront presenter en 15 minutes leur sujet de recherche et leurs r\u00e9sultats. Les doctorants int\u00e9ress\u00e9s sont invit\u00e9s \u00e0 soumettre un document de 1 ou 2 pages qui d\u00e9crit leur sujet de recherche et leurs r\u00e9sultats.<\/li>\n<li>une session \u201cprojects collaboratifs\u201d (ANR, H2020, PIA,\u2026) pendant laquelle les participants pourront pr\u00e9senter en 15 minutes le projet en question. Les participants int\u00e9ress\u00e9s sont invit\u00e9s \u00e0 soumettre un document de 1 ou 2 pages qui d\u00e9crit les objectifs du projet et r\u00e9sultats attendus.<\/li>\n<\/ul>\n<h3>Proc\u00e9dure de soumission<\/h3>\n<p><span style=\"font-family: helvetica, arial, sans-serif;\"> La soumission des contributions se fera via le site web : <a href=\"https:\/\/easychair.org\/conferences\/?conf=apvp2018\">https:\/\/easychair.org\/conferences\/?conf=apvp2018<\/a><\/span><\/p>\n<p>La soumission des contributions se fera en d\u00e9posant un document PDF. Types de contributions attendus :<\/p>\n<ul>\n<li>Travail original (5-10 pages)<\/li>\n<li>Rejeu d\u2019article d\u00e9ja publi\u00e9<\/li>\n<li>Session \u201cdoctorants\u201d ou \u201cprojects collaboratifs\u201d (1-2 pages)<\/li>\n<\/ul>\n<h3>Dates importantes<\/h3>\n<table style=\"height: 153px;\" width=\"300\">\n<tbody>\n<tr>\n<td style=\"width: 100.717px;\">Date limite de soumission<\/td>\n<td style=\"width: 200.283px;\"><del>20 avril, 2018\u00a0<\/del><span style=\"background-color: #ffcc66;\"><strong> 25 avril, 2018 (ferme)<\/strong><\/span><del><br \/>\n<\/del><\/td>\n<\/tr>\n<tr>\n<td style=\"width: 100.717px;\">Retour aux auteurs<\/td>\n<td style=\"width: 200.283px;\"><del>2 mai, 2018\u00a0<\/del><span style=\"background-color: #ffcc66;\"><strong> 7 mai, 2018 <\/strong><\/span><\/td>\n<\/tr>\n<tr>\n<td style=\"width: 100.717px;\">D\u00e9but des inscriptions<\/td>\n<td style=\"width: 200.283px;\"><del>2 mai, 2018 <\/del><span style=\"background-color: #ffcc66;\"><strong> 7 mai, 2018 <\/strong><\/span><\/td>\n<\/tr>\n<tr>\n<td style=\"width: 100.717px;\">Atelier<\/td>\n<td style=\"width: 200.283px;\">3-6 juin, 2018<\/td>\n<\/tr>\n<\/tbody>\n<\/table>\n<p>&nbsp;<\/p>\n","protected":false},"excerpt":{"rendered":"<p>&nbsp; Contexte Le but principal de l\u2019atelier est de rassembler les chercheurs de la communaut\u00e9 francophone dont les travaux portent sur la protection de la vie priv\u00e9e et des donn\u00e9es personnelles, et de leur offrir un forum privil\u00e9gi\u00e9 pour pouvoir pr\u00e9senter et \u00e9changer leurs id\u00e9es sur cette th\u00e9matique. L\u2019atelier est\u2026<\/p>\n<p> <a class=\"continue-reading-link\" href=\"https:\/\/project.inria.fr\/apvp2018\/appel-a-contributions\/\"><span>Continue reading<\/span><i class=\"crycon-right-dir\"><\/i><\/a> <\/p>\n","protected":false},"author":310,"featured_media":0,"parent":0,"menu_order":0,"comment_status":"closed","ping_status":"closed","template":"","meta":{"footnotes":""},"class_list":["post-139","page","type-page","status-publish","hentry"],"_links":{"self":[{"href":"https:\/\/project.inria.fr\/apvp2018\/wp-json\/wp\/v2\/pages\/139","targetHints":{"allow":["GET"]}}],"collection":[{"href":"https:\/\/project.inria.fr\/apvp2018\/wp-json\/wp\/v2\/pages"}],"about":[{"href":"https:\/\/project.inria.fr\/apvp2018\/wp-json\/wp\/v2\/types\/page"}],"author":[{"embeddable":true,"href":"https:\/\/project.inria.fr\/apvp2018\/wp-json\/wp\/v2\/users\/310"}],"replies":[{"embeddable":true,"href":"https:\/\/project.inria.fr\/apvp2018\/wp-json\/wp\/v2\/comments?post=139"}],"version-history":[{"count":16,"href":"https:\/\/project.inria.fr\/apvp2018\/wp-json\/wp\/v2\/pages\/139\/revisions"}],"predecessor-version":[{"id":324,"href":"https:\/\/project.inria.fr\/apvp2018\/wp-json\/wp\/v2\/pages\/139\/revisions\/324"}],"wp:attachment":[{"href":"https:\/\/project.inria.fr\/apvp2018\/wp-json\/wp\/v2\/media?parent=139"}],"curies":[{"name":"wp","href":"https:\/\/api.w.org\/{rel}","templated":true}]}}