

{"id":96,"date":"2025-04-07T13:48:39","date_gmt":"2025-04-07T11:48:39","guid":{"rendered":"https:\/\/project.inria.fr\/inriaedf\/?page_id=96"},"modified":"2025-11-18T16:26:33","modified_gmt":"2025-11-18T15:26:33","slug":"actualites","status":"publish","type":"page","link":"https:\/\/project.inria.fr\/inriaedf\/actualites\/","title":{"rendered":"Actualit\u00e9s"},"content":{"rendered":"<h2 class=\"wp-block-heading\">\u00c9v\u00e9nements<\/h2>\n\n\n\n<hr class=\"wp-block-separator has-text-color has-css-opacity has-background is-style-wide\" style=\"background-color:#e0010e;color:#e0010e\"\/>\n\n\n\n<hr class=\"wp-block-separator has-text-color has-css-opacity has-background is-style-dots\" style=\"background-color:#fe5e12;color:#fe5e12\"\/>\n\n\n\n<div class=\"wp-block-query is-layout-flow wp-block-query-is-layout-flow\"><ul class=\"columns-3 wp-block-post-template is-layout-grid wp-container-core-post-template-is-layout-2fc57c17 wp-block-post-template-is-layout-grid\"><li class=\"wp-block-post post-236 post type-post status-publish format-standard has-post-thumbnail hentry category-events\">\n<h2 class=\"wp-block-post-title\"><a href=\"https:\/\/project.inria.fr\/inriaedf\/10-dec-2025-workshop-meta-modeles-et-a-leurs-applications-industrielles\/\" target=\"_self\" >10 Dec 2025 : Workshop m\u00e9ta-mod\u00e8les et applications industrielles<\/a><\/h2>\n\n<figure class=\"alignwide wp-block-post-featured-image\"><a href=\"https:\/\/project.inria.fr\/inriaedf\/10-dec-2025-workshop-meta-modeles-et-a-leurs-applications-industrielles\/\" target=\"_self\"  ><a href=\"https:\/\/project.inria.fr\/inriaedf\/10-dec-2025-workshop-meta-modeles-et-a-leurs-applications-industrielles\/\" title=\"10 Dec 2025 : Workshop m\u00e9ta-mod\u00e8les et applications industrielles\"><img loading=\"lazy\" decoding=\"async\" width=\"150\" height=\"142\" src=\"https:\/\/project.inria.fr\/inriaedf\/files\/2025\/11\/Screenshot-2025-11-18-at-16.22.52-150x142.png\" class=\"attachment-post-thumbnail size-post-thumbnail wp-post-image\" alt=\"10 Dec 2025 : Workshop m\u00e9ta-mod\u00e8les et applications industrielles\" style=\"object-fit:cover;\" srcset=\"https:\/\/project.inria.fr\/inriaedf\/files\/2025\/11\/Screenshot-2025-11-18-at-16.22.52-150x142.png 150w, https:\/\/project.inria.fr\/inriaedf\/files\/2025\/11\/Screenshot-2025-11-18-at-16.22.52-300x284.png 300w, https:\/\/project.inria.fr\/inriaedf\/files\/2025\/11\/Screenshot-2025-11-18-at-16.22.52.png 308w\" sizes=\"auto, (max-width: 150px) 100vw, 150px\" \/><\/a><\/a><\/figure>\n\n<div class=\"wp-block-post-excerpt\"><p class=\"wp-block-post-excerpt__excerpt\">L\u2019\u00e9v\u00e9nement a eu lieu le&nbsp;10 d\u00e9cembre \u00e0 EDF Lab Paris-Saclay, de 9h \u00e0 18h.&nbsp; Le programme complet peut \u00eatre consult\u00e9 via le lien : https:\/\/metamodels-workshop.github.io Une soixantaine de personnes ont pu assister \u00e0 diverses pr\u00e9sentations sur les m\u00e9ta-mod\u00e8les, et leurs applications industrielles &#8211; avec notamment des cas d&#8217;usage dans le\u2026 Continue reading <\/p><\/div>\n\n\n<hr class=\"wp-block-separator has-css-opacity\"\/>\n\n\n<div class=\"wp-block-post-date\"><time datetime=\"2025-11-18T16:22:23+00:00\">2025\/11\/18<\/time><\/div>\n<\/li><li class=\"wp-block-post post-162 post type-post status-publish format-standard has-post-thumbnail hentry category-events\">\n<h2 class=\"wp-block-post-title\"><a href=\"https:\/\/project.inria.fr\/inriaedf\/conference-inria-edf\/\" target=\"_self\" >Workshop Inria-EDF sur les m\u00e9tamod\u00e8les<\/a><\/h2>\n\n<figure class=\"alignwide wp-block-post-featured-image\"><a href=\"https:\/\/project.inria.fr\/inriaedf\/conference-inria-edf\/\" target=\"_self\"  ><a href=\"https:\/\/project.inria.fr\/inriaedf\/conference-inria-edf\/\" title=\"Workshop Inria-EDF sur les m\u00e9tamod\u00e8les\"><img loading=\"lazy\" decoding=\"async\" width=\"150\" height=\"38\" src=\"https:\/\/project.inria.fr\/inriaedf\/files\/2025\/05\/cropped-combined_logo-150x38.png\" class=\"attachment-post-thumbnail size-post-thumbnail wp-post-image\" alt=\"Workshop Inria-EDF sur les m\u00e9tamod\u00e8les\" style=\"object-fit:cover;\" srcset=\"https:\/\/project.inria.fr\/inriaedf\/files\/2025\/05\/cropped-combined_logo-150x38.png 150w, https:\/\/project.inria.fr\/inriaedf\/files\/2025\/05\/cropped-combined_logo-300x77.png 300w, https:\/\/project.inria.fr\/inriaedf\/files\/2025\/05\/cropped-combined_logo.png 512w\" sizes=\"auto, (max-width: 150px) 100vw, 150px\" \/><\/a><\/a><\/figure>\n\n<div class=\"wp-block-post-excerpt\"><p class=\"wp-block-post-excerpt__excerpt\">10 d\u00e9cembre 2025 \u00e0 EDF Lab\u2019 Paris-Saclay (plus d&#8217;informations \u00e0 venir) Continue reading <\/p><\/div>\n\n\n<hr class=\"wp-block-separator has-css-opacity\"\/>\n\n\n<div class=\"wp-block-post-date\"><time datetime=\"2025-07-03T10:07:53+00:00\">2025\/07\/03<\/time><\/div>\n<\/li><li class=\"wp-block-post post-158 post type-post status-publish format-standard has-post-thumbnail hentry category-events\">\n<h2 class=\"wp-block-post-title\"><a href=\"https:\/\/project.inria.fr\/inriaedf\/ecoles-dete-et-workshop\/\" target=\"_self\" >\u00c9coles d\u2019\u00e9t\u00e9 et workshop<\/a><\/h2>\n\n<figure class=\"alignwide wp-block-post-featured-image\"><a href=\"https:\/\/project.inria.fr\/inriaedf\/ecoles-dete-et-workshop\/\" target=\"_self\"  ><a href=\"https:\/\/project.inria.fr\/inriaedf\/ecoles-dete-et-workshop\/\" title=\"\u00c9coles d\u2019\u00e9t\u00e9 et workshop\"><img loading=\"lazy\" decoding=\"async\" width=\"113\" height=\"150\" src=\"https:\/\/project.inria.fr\/inriaedf\/files\/2025\/10\/IMG_20241108_103534-113x150.jpg\" class=\"attachment-post-thumbnail size-post-thumbnail wp-post-image\" alt=\"\u00c9coles d\u2019\u00e9t\u00e9 et workshop\" style=\"object-fit:cover;\" srcset=\"https:\/\/project.inria.fr\/inriaedf\/files\/2025\/10\/IMG_20241108_103534-113x150.jpg 113w, https:\/\/project.inria.fr\/inriaedf\/files\/2025\/10\/IMG_20241108_103534-226x300.jpg 226w, https:\/\/project.inria.fr\/inriaedf\/files\/2025\/10\/IMG_20241108_103534-771x1024.jpg 771w, https:\/\/project.inria.fr\/inriaedf\/files\/2025\/10\/IMG_20241108_103534-768x1020.jpg 768w, https:\/\/project.inria.fr\/inriaedf\/files\/2025\/10\/IMG_20241108_103534-1157x1536.jpg 1157w, https:\/\/project.inria.fr\/inriaedf\/files\/2025\/10\/IMG_20241108_103534-1542x2048.jpg 1542w, https:\/\/project.inria.fr\/inriaedf\/files\/2025\/10\/IMG_20241108_103534-scaled.jpg 1928w\" sizes=\"auto, (max-width: 113px) 100vw, 113px\" \/><\/a><\/a><\/figure>\n\n<div class=\"wp-block-post-excerpt\"><p class=\"wp-block-post-excerpt__excerpt\">2026 Juin 2026, site CEA Bourget du Lac \u00c9cole d\u2019\u00e9t\u00e9 CEA-EDF-INRIA, ax\u00e9e sur des th\u00e9matiques de data 2025 Nov. 2025, EDF Lab\u2019 Paris-Saclay Workshop m\u00e9tamod\u00e8les pour la pr\u00e9vision (et l\u2019optimisation). 2024 11\/2024, Erice en Italie : Rattachement \u00e0 l\u2019\u00e9cole d\u2019\u00e9t\u00e9 OMCEP24\u00ab&nbsp;optimisation et \u00e9nergie&nbsp;\u00bb &#8211; c\u00f4t\u00e9 enseignants et \u00e9l\u00e8ves (7 personnes\u2026 Continue reading <\/p><\/div>\n\n\n<hr class=\"wp-block-separator has-css-opacity\"\/>\n\n\n<div class=\"wp-block-post-date\"><time datetime=\"2025-07-03T10:03:11+00:00\">2025\/07\/03<\/time><\/div>\n<\/li><\/ul><\/div>\n\n\n\n<h2 class=\"wp-block-heading\">Resources m\u00e9dia<\/h2>\n\n\n\n<hr class=\"wp-block-separator has-text-color has-css-opacity has-background is-style-wide\" style=\"background-color:#e0010e;color:#e0010e\"\/>\n\n\n\n<hr class=\"wp-block-separator has-text-color has-css-opacity has-background is-style-dots\" style=\"background-color:#fe5e12;color:#fe5e12\"\/>\n\n\n\n<div class=\"wp-block-query is-layout-flow wp-block-query-is-layout-flow\"><ul class=\"columns-3 wp-block-post-template is-layout-grid wp-container-core-post-template-is-layout-2fc57c17 wp-block-post-template-is-layout-grid\"><li class=\"wp-block-post post-233 post type-post status-publish format-standard has-post-thumbnail hentry category-resources\">\n<h2 class=\"wp-block-post-title\"><a href=\"https:\/\/project.inria.fr\/inriaedf\/defi-inria-edf-une-collaboration-scientifique-sur-des-defis-des-systemes-electriques\/\" target=\"_self\" >D\u00e9fi Inria-EDF : une collaboration scientifique sur des d\u00e9fis des syst\u00e8mes \u00e9lectriques<\/a><\/h2>\n\n<figure class=\"alignwide wp-block-post-featured-image\"><a href=\"https:\/\/project.inria.fr\/inriaedf\/defi-inria-edf-une-collaboration-scientifique-sur-des-defis-des-systemes-electriques\/\" target=\"_self\"  ><a href=\"https:\/\/project.inria.fr\/inriaedf\/defi-inria-edf-une-collaboration-scientifique-sur-des-defis-des-systemes-electriques\/\" title=\"D\u00e9fi Inria-EDF : une collaboration scientifique sur des d\u00e9fis des syst\u00e8mes \u00e9lectriques\"><img loading=\"lazy\" decoding=\"async\" width=\"150\" height=\"85\" src=\"https:\/\/project.inria.fr\/inriaedf\/files\/2025\/10\/Screenshot-2025-10-09-at-10.40.25-150x85.png\" class=\"attachment-post-thumbnail size-post-thumbnail wp-post-image\" alt=\"D\u00e9fi Inria-EDF : une collaboration scientifique sur des d\u00e9fis des syst\u00e8mes \u00e9lectriques\" style=\"object-fit:cover;\" srcset=\"https:\/\/project.inria.fr\/inriaedf\/files\/2025\/10\/Screenshot-2025-10-09-at-10.40.25-150x85.png 150w, https:\/\/project.inria.fr\/inriaedf\/files\/2025\/10\/Screenshot-2025-10-09-at-10.40.25-300x169.png 300w, https:\/\/project.inria.fr\/inriaedf\/files\/2025\/10\/Screenshot-2025-10-09-at-10.40.25.png 330w\" sizes=\"auto, (max-width: 150px) 100vw, 150px\" \/><\/a><\/a><\/figure>\n\n<div class=\"wp-block-post-excerpt\"><p class=\"wp-block-post-excerpt__excerpt\">Lien vers l&#8217;article D\u00e9fi Inria-EDF : une collaboration scientifique sur des d\u00e9fis des syst\u00e8mes \u00e9lectriques Continue reading <\/p><\/div>\n\n\n<hr class=\"wp-block-separator has-css-opacity\"\/>\n\n\n<div class=\"wp-block-post-date\"><time datetime=\"2025-10-28T09:23:03+00:00\">2025\/10\/28<\/time><\/div>\n<\/li><li class=\"wp-block-post post-211 post type-post status-publish format-standard has-post-thumbnail hentry category-resources\">\n<h2 class=\"wp-block-post-title\"><a href=\"https:\/\/project.inria.fr\/inriaedf\/futura-science-lenergie-de-demain-sinvente-ensemble\/\" target=\"_self\" >Futura Science &#8211; L\u2019\u00e9nergie de\u00a0demain\u00a0s\u2019invente ensemble<\/a><\/h2>\n\n<figure class=\"alignwide wp-block-post-featured-image\"><a href=\"https:\/\/project.inria.fr\/inriaedf\/futura-science-lenergie-de-demain-sinvente-ensemble\/\" target=\"_self\"  ><a href=\"https:\/\/project.inria.fr\/inriaedf\/futura-science-lenergie-de-demain-sinvente-ensemble\/\" title=\"Futura Science - L\u2019\u00e9nergie de\u00a0demain\u00a0s\u2019invente ensemble\"><img loading=\"lazy\" decoding=\"async\" width=\"150\" height=\"73\" src=\"https:\/\/project.inria.fr\/inriaedf\/files\/2025\/10\/Screenshot-2025-10-09-at-10.43.42-150x73.png\" class=\"attachment-post-thumbnail size-post-thumbnail wp-post-image\" alt=\"Futura Science &#8211; L\u2019\u00e9nergie de\u00a0demain\u00a0s\u2019invente ensemble\" style=\"object-fit:cover;\" srcset=\"https:\/\/project.inria.fr\/inriaedf\/files\/2025\/10\/Screenshot-2025-10-09-at-10.43.42-150x73.png 150w, https:\/\/project.inria.fr\/inriaedf\/files\/2025\/10\/Screenshot-2025-10-09-at-10.43.42-300x145.png 300w, https:\/\/project.inria.fr\/inriaedf\/files\/2025\/10\/Screenshot-2025-10-09-at-10.43.42.png 594w\" sizes=\"auto, (max-width: 150px) 100vw, 150px\" \/><\/a><\/a><\/figure>\n\n<div class=\"wp-block-post-excerpt\"><p class=\"wp-block-post-excerpt__excerpt\">Lien vers l&#8217;article Futura Science &#8211; L\u2019\u00e9nergie de demain s\u2019invente ensemble Continue reading <\/p><\/div>\n\n\n<hr class=\"wp-block-separator has-css-opacity\"\/>\n\n\n<div class=\"wp-block-post-date\"><time datetime=\"2025-10-09T10:28:30+00:00\">2025\/10\/09<\/time><\/div>\n<\/li><li class=\"wp-block-post post-207 post type-post status-publish format-standard has-post-thumbnail hentry category-resources\">\n<h2 class=\"wp-block-post-title\"><a href=\"https:\/\/project.inria.fr\/inriaedf\/immersion-chez-edf-avec-philippe-louis\/\" target=\"_self\" >Immersion chez EDF avec Philippe Louis<\/a><\/h2>\n\n<figure class=\"alignwide wp-block-post-featured-image\"><a href=\"https:\/\/project.inria.fr\/inriaedf\/immersion-chez-edf-avec-philippe-louis\/\" target=\"_self\"  ><a href=\"https:\/\/project.inria.fr\/inriaedf\/immersion-chez-edf-avec-philippe-louis\/\" title=\"Immersion chez EDF avec Philippe Louis\"><img loading=\"lazy\" decoding=\"async\" width=\"150\" height=\"85\" src=\"https:\/\/project.inria.fr\/inriaedf\/files\/2025\/10\/Screenshot-2025-10-09-at-10.40.25-150x85.png\" class=\"attachment-post-thumbnail size-post-thumbnail wp-post-image\" alt=\"Immersion chez EDF avec Philippe Louis\" style=\"object-fit:cover;\" srcset=\"https:\/\/project.inria.fr\/inriaedf\/files\/2025\/10\/Screenshot-2025-10-09-at-10.40.25-150x85.png 150w, https:\/\/project.inria.fr\/inriaedf\/files\/2025\/10\/Screenshot-2025-10-09-at-10.40.25-300x169.png 300w, https:\/\/project.inria.fr\/inriaedf\/files\/2025\/10\/Screenshot-2025-10-09-at-10.40.25.png 330w\" sizes=\"auto, (max-width: 150px) 100vw, 150px\" \/><\/a><\/a><\/figure>\n\n<div class=\"wp-block-post-excerpt\"><p class=\"wp-block-post-excerpt__excerpt\">Comment mieux g\u00e9rer la recharge des voitures \u00e9lectriques ? La R&amp;D #EDFLab et @inria_officiel ont rassembl\u00e9 leurs comp\u00e9tences en math\u00e9matiques, dans le cadre d&#39;un d\u00e9fi commun, pour bosser sur les r\u00e9seaux \u00e9lectriques de demain. pic.twitter.com\/TvTedeJ5XJ &mdash; Philippe Louis (@PhilippeLouis77) October 8, 2025 Continue reading <\/p><\/div>\n\n\n<hr class=\"wp-block-separator has-css-opacity\"\/>\n\n\n<div class=\"wp-block-post-date\"><time datetime=\"2025-10-09T10:24:08+00:00\">2025\/10\/09<\/time><\/div>\n<\/li><\/ul><\/div>\n\n\n\n<h2 class=\"wp-block-heading\">Contributions scientifiques <\/h2>\n\n\n\n<hr class=\"wp-block-separator has-text-color has-css-opacity has-background is-style-wide\" style=\"background-color:#e0010e;color:#e0010e\"\/>\n\n\n\n<hr class=\"wp-block-separator has-text-color has-css-opacity has-background is-style-dots\" style=\"background-color:#fe5e12;color:#fe5e12\"\/>\n\n\n\n<div class=\"wp-block-query is-layout-flow wp-block-query-is-layout-flow\"><ul class=\"columns-3 wp-block-post-template is-layout-grid wp-container-core-post-template-is-layout-2fc57c17 wp-block-post-template-is-layout-grid\"><li class=\"wp-block-post post-324 post type-post status-publish format-standard hentry category-research\">\n<h2 class=\"wp-block-post-title\"><a href=\"https:\/\/project.inria.fr\/inriaedf\/helene-arvis-recoit-le-2nd-prix-du-meilleur-article-etudiant-a-la-roadef-2026\/\" target=\"_self\" >H\u00e9l\u00e8ne ARVIS re\u00e7oit le 2nd prix du meilleur article \u00e9tudiant \u00e0 la ROADEF 2026 !<\/a><\/h2>\n\n<figure class=\"alignwide wp-block-post-featured-image\"><a href=\"https:\/\/project.inria.fr\/inriaedf\/helene-arvis-recoit-le-2nd-prix-du-meilleur-article-etudiant-a-la-roadef-2026\/\" target=\"_self\"  ><a href=\"https:\/\/project.inria.fr\/inriaedf\/helene-arvis-recoit-le-2nd-prix-du-meilleur-article-etudiant-a-la-roadef-2026\/\" title=\"H\u00e9l\u00e8ne ARVIS re\u00e7oit le 2nd prix du meilleur article \u00e9tudiant \u00e0 la ROADEF 2026 !\"><\/a><\/a><\/figure>\n\n<div class=\"wp-block-post-excerpt\"><p class=\"wp-block-post-excerpt__excerpt\">H\u00e9l\u00e8ne ARVIS &#8211; en th\u00e8se avec Nicolas GAST (\u00e9quipe Inria THOTH) et St\u00e9phane GAUBERT (Inria TROPICAL), ainsi que l&#8217;\u00e9quipe long-terme d&#8217;OSIRIS -, a \u00e9t\u00e9 laur\u00e9ate du 2nd prix du meilleur article \u00e9tudiant de la ROADEF 2026 (\u00e0 Tours) pour son travail &#8220;Integrating Aggregated Electric Vehicle Flexibilities in Unit Commitment Models\u2026 Continue reading <\/p><\/div>\n\n\n<hr class=\"wp-block-separator has-css-opacity\"\/>\n\n\n<div class=\"wp-block-post-date\"><time datetime=\"2026-03-16T20:01:20+00:00\">2026\/03\/16<\/time><\/div>\n<\/li><li class=\"wp-block-post post-321 post type-post status-publish format-standard hentry category-research\">\n<h2 class=\"wp-block-post-title\"><a href=\"https:\/\/project.inria.fr\/inriaedf\/ecole-dete-cea-edf-inria-sur-lanalyse-numerique-du-22-au-26-juin-2026-les-inscriptions-sont-ouvertes\/\" target=\"_self\" >Ecole d&#8217;\u00e9t\u00e9 CEA-EDF-Inria sur l&#8217;analyse num\u00e9rique du 22 au 26 juin 2026 : les inscriptions sont ouvertes !<\/a><\/h2>\n\n<figure class=\"alignwide wp-block-post-featured-image\"><a href=\"https:\/\/project.inria.fr\/inriaedf\/ecole-dete-cea-edf-inria-sur-lanalyse-numerique-du-22-au-26-juin-2026-les-inscriptions-sont-ouvertes\/\" target=\"_self\"  ><a href=\"https:\/\/project.inria.fr\/inriaedf\/ecole-dete-cea-edf-inria-sur-lanalyse-numerique-du-22-au-26-juin-2026-les-inscriptions-sont-ouvertes\/\" title=\"Ecole d&#039;\u00e9t\u00e9 CEA-EDF-Inria sur l&#039;analyse num\u00e9rique du 22 au 26 juin 2026 : les inscriptions sont ouvertes !\"><\/a><\/a><\/figure>\n\n<div class=\"wp-block-post-excerpt\"><p class=\"wp-block-post-excerpt__excerpt\">Au programme, un beau panel d\u2019orateurs en lien avec le d\u00e9fi EDF-Inria &#8220;Pour une gestion optimis\u00e9e des syst\u00e8mes \u00e9lectriques de demain&#8221;, au CEA Liten au Bourget du Lac -> toutes les informations sur la page web de cet \u00e9v\u00e8nement Continue reading <\/p><\/div>\n\n\n<hr class=\"wp-block-separator has-css-opacity\"\/>\n\n\n<div class=\"wp-block-post-date\"><time datetime=\"2026-02-26T11:03:32+00:00\">2026\/02\/26<\/time><\/div>\n<\/li><li class=\"wp-block-post post-273 post type-post status-publish format-standard hentry category-research\">\n<h2 class=\"wp-block-post-title\"><a href=\"https:\/\/project.inria.fr\/inriaedf\/le-defi-prend-place-aux-pgmo-days-2025\/\" target=\"_self\" >Le d\u00e9fi prend place aux PGMO days 2025 !<\/a><\/h2>\n\n<figure class=\"alignwide wp-block-post-featured-image\"><a href=\"https:\/\/project.inria.fr\/inriaedf\/le-defi-prend-place-aux-pgmo-days-2025\/\" target=\"_self\"  ><a href=\"https:\/\/project.inria.fr\/inriaedf\/le-defi-prend-place-aux-pgmo-days-2025\/\" title=\"Le d\u00e9fi prend place aux PGMO days 2025 !\"><\/a><\/a><\/figure>\n\n<div class=\"wp-block-post-excerpt\"><p class=\"wp-block-post-excerpt__excerpt\">Chaque ann\u00e9e, les PGMO days sont un temps d&#8217;\u00e9change sur l&#8217;\u00e9tat de l&#8217;art en optimisation, data science et IA ; 150 expos\u00e9s scientifiques ont eu lieu les 18 et 19 novembre \u00e0 EDF Lab&#8217; Paris-Saclay -&gt; cf. page de l&#8217;\u00e9v\u00e8nement Cette ann\u00e9e, deux \u00e9tudiants du d\u00e9fi ont pu y pr\u00e9senter\u2026 Continue reading <\/p><\/div>\n\n\n<hr class=\"wp-block-separator has-css-opacity\"\/>\n\n\n<div class=\"wp-block-post-date\"><time datetime=\"2025-12-22T10:16:31+00:00\">2025\/12\/22<\/time><\/div>\n<\/li><\/ul><\/div>\n\n\n\n<p><\/p>","protected":false},"excerpt":{"rendered":"<p>\u00c9v\u00e9nements Resources m\u00e9dia Contributions scientifiques<\/p>\n<p> <a class=\"continue-reading-link\" href=\"https:\/\/project.inria.fr\/inriaedf\/actualites\/\"><span>Continue reading<\/span><i class=\"crycon-right-dir\"><\/i><\/a> <\/p>\n","protected":false},"author":2562,"featured_media":0,"parent":0,"menu_order":0,"comment_status":"closed","ping_status":"closed","template":"","meta":{"footnotes":""},"class_list":["post-96","page","type-page","status-publish","hentry"],"_links":{"self":[{"href":"https:\/\/project.inria.fr\/inriaedf\/wp-json\/wp\/v2\/pages\/96","targetHints":{"allow":["GET"]}}],"collection":[{"href":"https:\/\/project.inria.fr\/inriaedf\/wp-json\/wp\/v2\/pages"}],"about":[{"href":"https:\/\/project.inria.fr\/inriaedf\/wp-json\/wp\/v2\/types\/page"}],"author":[{"embeddable":true,"href":"https:\/\/project.inria.fr\/inriaedf\/wp-json\/wp\/v2\/users\/2562"}],"replies":[{"embeddable":true,"href":"https:\/\/project.inria.fr\/inriaedf\/wp-json\/wp\/v2\/comments?post=96"}],"version-history":[{"count":12,"href":"https:\/\/project.inria.fr\/inriaedf\/wp-json\/wp\/v2\/pages\/96\/revisions"}],"predecessor-version":[{"id":240,"href":"https:\/\/project.inria.fr\/inriaedf\/wp-json\/wp\/v2\/pages\/96\/revisions\/240"}],"wp:attachment":[{"href":"https:\/\/project.inria.fr\/inriaedf\/wp-json\/wp\/v2\/media?parent=96"}],"curies":[{"name":"wp","href":"https:\/\/api.w.org\/{rel}","templated":true}]}}