

{"id":4,"date":"2011-12-08T11:55:34","date_gmt":"2011-12-08T11:55:34","guid":{"rendered":"http:\/\/project.inria.fr\/template1\/?page_id=4"},"modified":"2019-05-02T10:31:33","modified_gmt":"2019-05-02T08:31:33","slug":"home","status":"publish","type":"page","link":"https:\/\/project.inria.fr\/sfc2019\/","title":{"rendered":"Accueil"},"content":{"rendered":"<p><a href=\"https:\/\/project.inria.fr\/sfc2019\/files\/2019\/03\/Logo_sfc.png\"><img loading=\"lazy\" decoding=\"async\" class=\"alignright\" src=\"https:\/\/project.inria.fr\/sfc2019\/files\/2019\/03\/Logo_sfc.png\" alt=\"\" width=\"203\" height=\"209\" \/><\/a>La Soci\u00e9t\u00e9 Francophone de Classification (SFC, <a href=\"http:\/\/www.sfc-classification.net\/\">http:\/\/www.sfc-classification.net\/<\/a>) organise chaque ann\u00e9e les Rencontres de la Soci\u00e9t\u00e9 Francophone de Classification. La classification sous toutes ces formes, math\u00e9matiques, informatique (apprentissage, fouille de donn\u00e9es et d\u00e9couverte de connaissances &#8230;), et statistiques, est la th\u00e9matique \u00e9tudi\u00e9e par les membres de la soci\u00e9t\u00e9 et sympathisants. Mais autant les variations autour du th\u00e8me de la classification sont vastes autant les int\u00e9r\u00eats des chercheurs de la SFC et sympathisants sont vari\u00e9s et \u00e9tendus.<br \/>\nC&rsquo;est cette id\u00e9e d&rsquo;illustrer les diff\u00e9rentes facettes de la classification que nous allons favoriser et mettre en \u0153uvre lors des prochaines rencontres qui auront lieu \u00e0 Nancy, au Centre de Recherche Inria Nancy Grand Est \/ LORIA entre les 3 et 5 septembre 2019.<\/p>\n<p>Les rencontres de la SFC permettent aux membres de la soci\u00e9t\u00e9 de se rencontrer, comme il se doit, de pr\u00e9senter des r\u00e9sultats r\u00e9cents et des applications originales en classification ou dans des domaines connexes. Elles permettent encore de favoriser les \u00e9changes scientifiques \u00e0 l&rsquo;int\u00e9rieur de la soci\u00e9t\u00e9 et de faire conna\u00eetre \u00e0 l&rsquo;ext\u00e9rieur les travaux de ses membres. Cette ann\u00e9e, nous allons insister sur le c\u00f4t\u00e9 polymorphe de la classification et faire se croiser des chercheurs de domaines proches ou assez proches, en particulier dans le domaine de l&rsquo;informatique et des statistiques, dont les int\u00e9r\u00eats sont li\u00e9s \u00e0 la classification.<br \/>\nAinsi, la liste des invit\u00e9s et des tutoriels de l&rsquo;\u00e9dition 2019 des rencontres de la soci\u00e9t\u00e9 t\u00e9moignent de la mise en valeur du c\u00f4t\u00e9 hybride de la classification.<\/p>\n<p>Entre les 3 et 5 septembre 2019, le Centre de Recherche Inria Nancy Grand Est \/ LORIA se charge de l\u2019organisation des rencontres des 26\u00e8mes Rencontres de la Soci\u00e9t\u00e9 Francophone de Classification.<br \/>\nEnfin, pour la petite histoire, c&rsquo;est la seconde fois que les rencontres sont organis\u00e9es \u00e0 Nancy, et cela 20 ans apr\u00e8s les rencontres de la SFC en 1999, \u00e0 l&rsquo;or\u00e9e du 21\u00e8me si\u00e8cle.<\/p>","protected":false},"excerpt":{"rendered":"<p>La Soci\u00e9t\u00e9 Francophone de Classification (SFC, http:\/\/www.sfc-classification.net\/) organise chaque ann\u00e9e les Rencontres de la Soci\u00e9t\u00e9 Francophone de Classification. La classification sous toutes ces formes, math\u00e9matiques, informatique (apprentissage, fouille de donn\u00e9es et d\u00e9couverte de connaissances &#8230;), et statistiques, est la th\u00e9matique \u00e9tudi\u00e9e par les membres de la soci\u00e9t\u00e9 et sympathisants. Mais\u2026<\/p>\n<p> <a class=\"continue-reading-link\" href=\"https:\/\/project.inria.fr\/sfc2019\/\"><span>Continue reading<\/span><i class=\"crycon-right-dir\"><\/i><\/a> <\/p>\n","protected":false},"author":1,"featured_media":0,"parent":0,"menu_order":0,"comment_status":"closed","ping_status":"open","template":"","meta":{"footnotes":""},"class_list":["post-4","page","type-page","status-publish","hentry"],"_links":{"self":[{"href":"https:\/\/project.inria.fr\/sfc2019\/wp-json\/wp\/v2\/pages\/4","targetHints":{"allow":["GET"]}}],"collection":[{"href":"https:\/\/project.inria.fr\/sfc2019\/wp-json\/wp\/v2\/pages"}],"about":[{"href":"https:\/\/project.inria.fr\/sfc2019\/wp-json\/wp\/v2\/types\/page"}],"author":[{"embeddable":true,"href":"https:\/\/project.inria.fr\/sfc2019\/wp-json\/wp\/v2\/users\/1"}],"replies":[{"embeddable":true,"href":"https:\/\/project.inria.fr\/sfc2019\/wp-json\/wp\/v2\/comments?post=4"}],"version-history":[{"count":11,"href":"https:\/\/project.inria.fr\/sfc2019\/wp-json\/wp\/v2\/pages\/4\/revisions"}],"predecessor-version":[{"id":129,"href":"https:\/\/project.inria.fr\/sfc2019\/wp-json\/wp\/v2\/pages\/4\/revisions\/129"}],"wp:attachment":[{"href":"https:\/\/project.inria.fr\/sfc2019\/wp-json\/wp\/v2\/media?parent=4"}],"curies":[{"name":"wp","href":"https:\/\/api.w.org\/{rel}","templated":true}]}}